{"id":789,"date":"2016-11-23T19:08:14","date_gmt":"2016-11-23T19:08:14","guid":{"rendered":"http:\/\/baldios.pt\/pt\/?page_id=789"},"modified":"2018-11-30T10:53:59","modified_gmt":"2018-11-30T10:53:59","slug":"crzmt","status":"publish","type":"page","link":"https:\/\/baldios.pt\/pt\/projectos\/crzmt\/","title":{"rendered":"CRUZ DO MONTALV\u00c3O URBAN PARK"},"content":{"rendered":"<p><strong>CONCURSO DO PARQUE URBANO CRUZ DO MONTALVAO\u00a0[3\u00ba PR\u00c9MIO].\u00a0CASTELO BRANCO<br \/>\n<\/strong><em>competition for the cruz do montalvao urban park [3rd prize]\u00a0.\u00a0castelo branco<br \/>\n<\/em><\/p>\n<p>&nbsp;<\/p>\n<p><img loading=\"lazy\" class=\"alignnone size-full wp-image-969\" src=\"http:\/\/baldios.pt\/pt\/wp-content\/uploads\/01-CRUZ_MONTALVAO_cruz.jpg\" alt=\"\" width=\"1800\" height=\"900\" srcset=\"https:\/\/baldios.pt\/pt\/wp-content\/uploads\/01-CRUZ_MONTALVAO_cruz.jpg 1800w, https:\/\/baldios.pt\/pt\/wp-content\/uploads\/01-CRUZ_MONTALVAO_cruz-900x450.jpg 900w, https:\/\/baldios.pt\/pt\/wp-content\/uploads\/01-CRUZ_MONTALVAO_cruz-768x384.jpg 768w, https:\/\/baldios.pt\/pt\/wp-content\/uploads\/01-CRUZ_MONTALVAO_cruz-1024x512.jpg 1024w, https:\/\/baldios.pt\/pt\/wp-content\/uploads\/01-CRUZ_MONTALVAO_cruz-250x125.jpg 250w, https:\/\/baldios.pt\/pt\/wp-content\/uploads\/01-CRUZ_MONTALVAO_cruz-150x75.jpg 150w\" sizes=\"(max-width: 1800px) 100vw, 1800px\" \/><\/p>\n<p><img loading=\"lazy\" class=\"alignnone size-full wp-image-878\" src=\"http:\/\/baldios.pt\/pt\/wp-content\/uploads\/04-fotog_aerea_castelo_branco_digitalizacao.jpeg\" alt=\"04-fotog_aerea_castelo_branco_digitalizacao\" width=\"1800\" height=\"900\" srcset=\"https:\/\/baldios.pt\/pt\/wp-content\/uploads\/04-fotog_aerea_castelo_branco_digitalizacao.jpeg 1800w, https:\/\/baldios.pt\/pt\/wp-content\/uploads\/04-fotog_aerea_castelo_branco_digitalizacao-900x450.jpeg 900w, https:\/\/baldios.pt\/pt\/wp-content\/uploads\/04-fotog_aerea_castelo_branco_digitalizacao-768x384.jpeg 768w, https:\/\/baldios.pt\/pt\/wp-content\/uploads\/04-fotog_aerea_castelo_branco_digitalizacao-1024x512.jpeg 1024w, https:\/\/baldios.pt\/pt\/wp-content\/uploads\/04-fotog_aerea_castelo_branco_digitalizacao-250x125.jpeg 250w, https:\/\/baldios.pt\/pt\/wp-content\/uploads\/04-fotog_aerea_castelo_branco_digitalizacao-150x75.jpeg 150w\" sizes=\"(max-width: 1800px) 100vw, 1800px\" \/><\/p>\n<p><img loading=\"lazy\" class=\"aligncenter wp-image-817 size-full\" src=\"http:\/\/baldios.pt\/pt\/wp-content\/uploads\/CB_1760-e1476205103697.jpg\" alt=\"cb_1760\" width=\"1776\" height=\"1419\" srcset=\"https:\/\/baldios.pt\/pt\/wp-content\/uploads\/CB_1760-e1476205103697.jpg 1776w, https:\/\/baldios.pt\/pt\/wp-content\/uploads\/CB_1760-e1476205103697-751x600.jpg 751w, https:\/\/baldios.pt\/pt\/wp-content\/uploads\/CB_1760-e1476205103697-900x719.jpg 900w, https:\/\/baldios.pt\/pt\/wp-content\/uploads\/CB_1760-e1476205103697-768x614.jpg 768w, https:\/\/baldios.pt\/pt\/wp-content\/uploads\/CB_1760-e1476205103697-1024x818.jpg 1024w, https:\/\/baldios.pt\/pt\/wp-content\/uploads\/CB_1760-e1476205103697-188x150.jpg 188w, https:\/\/baldios.pt\/pt\/wp-content\/uploads\/CB_1760-e1476205103697-150x120.jpg 150w\" sizes=\"(max-width: 1776px) 100vw, 1776px\" \/><\/p>\n<p><img loading=\"lazy\" class=\"aligncenter wp-image-877\" src=\"http:\/\/baldios.pt\/pt\/wp-content\/uploads\/03-planta-territorio-515x600.png\" alt=\"03-planta-territorio\" width=\"650\" height=\"757\" srcset=\"https:\/\/baldios.pt\/pt\/wp-content\/uploads\/03-planta-territorio-515x600.png 515w, https:\/\/baldios.pt\/pt\/wp-content\/uploads\/03-planta-territorio-773x900.png 773w, https:\/\/baldios.pt\/pt\/wp-content\/uploads\/03-planta-territorio-768x895.png 768w, https:\/\/baldios.pt\/pt\/wp-content\/uploads\/03-planta-territorio-879x1024.png 879w, https:\/\/baldios.pt\/pt\/wp-content\/uploads\/03-planta-territorio-129x150.png 129w, https:\/\/baldios.pt\/pt\/wp-content\/uploads\/03-planta-territorio.png 1200w\" sizes=\"(max-width: 650px) 100vw, 650px\" \/><\/p>\n<p><img loading=\"lazy\" class=\"alignnone size-full wp-image-879\" src=\"http:\/\/baldios.pt\/pt\/wp-content\/uploads\/05-plano-geral_1000.jpg\" alt=\"05-plano-geral_1000\" width=\"1200\" height=\"2163\" srcset=\"https:\/\/baldios.pt\/pt\/wp-content\/uploads\/05-plano-geral_1000.jpg 1200w, https:\/\/baldios.pt\/pt\/wp-content\/uploads\/05-plano-geral_1000-333x600.jpg 333w, https:\/\/baldios.pt\/pt\/wp-content\/uploads\/05-plano-geral_1000-499x900.jpg 499w, https:\/\/baldios.pt\/pt\/wp-content\/uploads\/05-plano-geral_1000-768x1384.jpg 768w, https:\/\/baldios.pt\/pt\/wp-content\/uploads\/05-plano-geral_1000-568x1024.jpg 568w, https:\/\/baldios.pt\/pt\/wp-content\/uploads\/05-plano-geral_1000-83x150.jpg 83w\" sizes=\"(max-width: 1200px) 100vw, 1200px\" \/><\/p>\n<p><img loading=\"lazy\" class=\"alignnone size-full wp-image-901\" src=\"http:\/\/baldios.pt\/pt\/wp-content\/uploads\/06-4esquemas.jpg\" alt=\"06-esquema1\" width=\"1800\" height=\"1000\" srcset=\"https:\/\/baldios.pt\/pt\/wp-content\/uploads\/06-4esquemas.jpg 1800w, https:\/\/baldios.pt\/pt\/wp-content\/uploads\/06-4esquemas-900x500.jpg 900w, https:\/\/baldios.pt\/pt\/wp-content\/uploads\/06-4esquemas-768x427.jpg 768w, https:\/\/baldios.pt\/pt\/wp-content\/uploads\/06-4esquemas-1024x569.jpg 1024w, https:\/\/baldios.pt\/pt\/wp-content\/uploads\/06-4esquemas-250x139.jpg 250w, https:\/\/baldios.pt\/pt\/wp-content\/uploads\/06-4esquemas-150x83.jpg 150w\" sizes=\"(max-width: 1800px) 100vw, 1800px\" \/><br \/>\n<img loading=\"lazy\" class=\"alignnone size-full wp-image-870\" src=\"http:\/\/baldios.pt\/pt\/wp-content\/uploads\/10-isometria_500.jpg\" alt=\"10-isometria_500\" width=\"1200\" height=\"2139\" srcset=\"https:\/\/baldios.pt\/pt\/wp-content\/uploads\/10-isometria_500.jpg 1200w, https:\/\/baldios.pt\/pt\/wp-content\/uploads\/10-isometria_500-337x600.jpg 337w, https:\/\/baldios.pt\/pt\/wp-content\/uploads\/10-isometria_500-505x900.jpg 505w, https:\/\/baldios.pt\/pt\/wp-content\/uploads\/10-isometria_500-768x1369.jpg 768w, https:\/\/baldios.pt\/pt\/wp-content\/uploads\/10-isometria_500-574x1024.jpg 574w, https:\/\/baldios.pt\/pt\/wp-content\/uploads\/10-isometria_500-84x150.jpg 84w\" sizes=\"(max-width: 1200px) 100vw, 1200px\" \/><\/p>\n<p><img loading=\"lazy\" class=\"alignnone size-full wp-image-871\" src=\"http:\/\/baldios.pt\/pt\/wp-content\/uploads\/11-cortes.jpg\" alt=\"11-cortes\" width=\"1200\" height=\"1679\" srcset=\"https:\/\/baldios.pt\/pt\/wp-content\/uploads\/11-cortes.jpg 1200w, https:\/\/baldios.pt\/pt\/wp-content\/uploads\/11-cortes-429x600.jpg 429w, https:\/\/baldios.pt\/pt\/wp-content\/uploads\/11-cortes-643x900.jpg 643w, https:\/\/baldios.pt\/pt\/wp-content\/uploads\/11-cortes-768x1075.jpg 768w, https:\/\/baldios.pt\/pt\/wp-content\/uploads\/11-cortes-732x1024.jpg 732w, https:\/\/baldios.pt\/pt\/wp-content\/uploads\/11-cortes-107x150.jpg 107w\" sizes=\"(max-width: 1200px) 100vw, 1200px\" \/><\/p>\n<p><img loading=\"lazy\" class=\"alignnone size-full wp-image-872\" src=\"http:\/\/baldios.pt\/pt\/wp-content\/uploads\/12-render1.png\" alt=\"\" width=\"1200\" height=\"531\" srcset=\"https:\/\/baldios.pt\/pt\/wp-content\/uploads\/12-render1.png 1200w, https:\/\/baldios.pt\/pt\/wp-content\/uploads\/12-render1-900x398.png 900w, https:\/\/baldios.pt\/pt\/wp-content\/uploads\/12-render1-768x340.png 768w, https:\/\/baldios.pt\/pt\/wp-content\/uploads\/12-render1-1024x453.png 1024w, https:\/\/baldios.pt\/pt\/wp-content\/uploads\/12-render1-250x111.png 250w, https:\/\/baldios.pt\/pt\/wp-content\/uploads\/12-render1-150x66.png 150w\" sizes=\"(max-width: 1200px) 100vw, 1200px\" \/><\/p>\n<p><img loading=\"lazy\" class=\"alignnone size-full wp-image-1016\" src=\"http:\/\/baldios.pt\/pt\/wp-content\/uploads\/15-corte-territorial.jpg\" alt=\"\" width=\"3000\" height=\"400\" srcset=\"https:\/\/baldios.pt\/pt\/wp-content\/uploads\/15-corte-territorial.jpg 3000w, https:\/\/baldios.pt\/pt\/wp-content\/uploads\/15-corte-territorial-900x120.jpg 900w, https:\/\/baldios.pt\/pt\/wp-content\/uploads\/15-corte-territorial-768x102.jpg 768w, https:\/\/baldios.pt\/pt\/wp-content\/uploads\/15-corte-territorial-1024x137.jpg 1024w, https:\/\/baldios.pt\/pt\/wp-content\/uploads\/15-corte-territorial-250x33.jpg 250w, https:\/\/baldios.pt\/pt\/wp-content\/uploads\/15-corte-territorial-150x20.jpg 150w\" sizes=\"(max-width: 3000px) 100vw, 3000px\" \/><\/p>\n<p>&nbsp;<\/p>\n<p>&nbsp;<\/p>\n<p>&nbsp;<\/p>\n<p><span style=\"color: #000000;\"><strong>strategy and spaciality. THE PARK AS A CIVIC INFRASTRUCTURE<\/strong><\/span><\/p>\n<p>&nbsp;<\/p>\n<p><span style=\"color: #000000;\"><i><\/i><em>Like the bridges and tunnels, railroads and water systems that comprise our physical infrastructure, a well-designed civic infrastructure can enable us to live more relational and economically vibrant lives. What is civic infrastructure? It&#8217;s the basis upon which ordinary people are able to participate in ordinary civic life (&#8230;) made up of places, policies, programs and practices that enable us to connect with one another, (\u2026) build community and solve public problems. <\/em>Blair, J. and Kopell, M. 2015<\/span><\/p>\n<p align=\"JUSTIFY\"><span style=\"color: #000000;\"><span style=\"font-family: Times New Roman,serif;\"><span style=\"font-size: medium;\"><span lang=\"en\">The parks\u2019s design strategy is based on the recognition of the pre-existences as a motto for the readjustment and reinvention of the Park. Topography, landmarks, \u2018daily paths\u2019, vegetation systems and a visible water system are the starting points for the new spatiality of the Park. The proposed Park will be the support for transient and permanent occupations, which can establish meanings through permanent programs, but leaving room for programmatic and spatial mutability and daily, seasonal or eventual<\/span> <span lang=\"en\">improvisation.<\/span><\/span><\/span><\/span><\/p>\n<p lang=\"en\" align=\"JUSTIFY\"><span id=\"result_box\" class=\"\" lang=\"en\" style=\"color: #000000;\"><span title=\"O Parque proposto constituir-se-\u00e1 como suporte de ocupa\u00e7\u00f5es transit\u00f3rias e permanentes, que possam fixar significados atrav\u00e9s de programas permanentes, mas deixando margem para a mutabilidade program\u00e1tica e espacial e ao improviso quotidiano, sazonal ou eventual. \"><br \/>\n<\/span><strong><span title=\"Infraestrutura de \u00e1gua .\">water infrastructure. <\/span><span title=\"HIDR\u00c1ULICA, HIDROLOGIA E OUTRAS REDES \">HYDRAULICS, HYDROLOGY AND OTHER NETWORKS<\/span><\/strong><\/span><\/p>\n<p lang=\"en\" align=\"JUSTIFY\"><span id=\"result_box\" class=\"\" lang=\"en\"><\/span><span style=\"color: #000000;\"><span style=\"font-family: Times New Roman,serif;\"><span style=\"font-size: medium;\">The major constraint of the subsoil at high elevation, determined by the geological nature of the site, makes it difficult to construct buried infrastructures. With this in mind, it is proposed to emerge the infrastructure in the form of an aqueduct that carries the necessary networks along the park: water, electricity and telecommunications. The aqueduct ensures the hydraulic connection between the pre-existing reservoir and the cistern \/ hexagonal lake (water reservoir) from which the entire irrigation system of the park is fed. The need for water elevation establishes the top elevation of the aqueduct, which can be traversed as an elevated path, offering other readings of the park, in complementarity with the ground level network.<\/span><\/span><\/span><\/p>\n<p>&nbsp;<\/p>\n<p><strong>circulation infrastructure. ANCESTRAL, EVERYDAY AND INTER-TERRITORIAL PATHWAYS<\/strong><span id=\"result_box\" class=\"\" lang=\"en\"><\/span><\/p>\n<p align=\"JUSTIFY\"><span style=\"font-size: medium;\"><span style=\"color: #000000;\"><span style=\"font-family: Times New Roman,serif;\"><span lang=\"en\">The general design strategy is based on the affirmation of the cadastre pathways as a rapid and direct distribution network capable of establishing the intra and extra-park connections: <\/span><\/span><\/span><em><span style=\"color: #000000;\"><span style=\"font-family: Times New Roman,serif;\"><span lang=\"en\">Corredoura<\/span><\/span><\/span><\/em><span style=\"color: #000000;\"><span style=\"font-family: Times New Roman,serif;\"><span lang=\"en\">, Waterway and Parade Square. <\/span><\/span><\/span><\/span><\/p>\n<p align=\"JUSTIFY\"><span style=\"color: #000000;\"><span style=\"font-family: Merriweather Light,serif;\"><span style=\"font-size: medium;\"><span style=\"font-family: Times New Roman,serif;\"><span lang=\"en\">From this network, a series of secondary paths are proposed within the Park, adapted to the topography, assimilating, with inherent geometry, the paths that are traced by the daily need of crossing, connecting the various spaces proposed. In order to connect the park at a territorial scale, it is proposed to extend the cycle path that crosses the Park at the South, up to the Parque das Violetas, laying ground for a potential cycle ring that connects the City\u2019s green structure, as well as for the creation of a shared cycling circuit that, starting from <\/span><\/span><em><span style=\"font-family: Times New Roman,serif;\"><span lang=\"en\">Corredoura<\/span><\/span><\/em><span style=\"font-family: Times New Roman,serif;\"><span lang=\"en\">, can connect all the way through to the historic center and the Castle.<\/span><\/span><\/span><\/span><\/span><\/p>\n<p>&nbsp;<\/p>\n<p lang=\"en\"><strong>programmatic infrastructure. EQUIPPED PARK LIMITS Vs MULTIFUNCTIONAL CLEARINGS<\/strong><\/p>\n<p align=\"JUSTIFY\"><span style=\"color: #000000;\"><span style=\"font-family: Times New Roman,serif;\"><span style=\"font-size: medium;\">An obvious implication of the (re)configuration of the Park is its urban context, influencing the nature of its perimeter and the quality of its interior space. In order to respond to the necessary interterritorial relations, the Park offers at its perimeter, whitch is in direct contact with the street, an intensively equipped frontier, freeing its interior space for the existence of wide clearings, less compromised on a programatic viewpoint. In this sense the park is not intended to be an event in itself, but rather an infrastructure capable of accommodating the city\u2019s events as well as regional events<span lang=\"en\">. The architectural proposal reflects the Park\u2019s strategy by taking advantage of the aqueduct as an active support for defining uses and frequency of occupations. The Aqueduct does not pretend to be an event or a folie but rather a neutral place for appropriation. Permanent appropriation of the space between pillars, under the waterway platform, with sanitary facilities, pavilions and cafeterias.<\/span><\/span><\/span><\/span><\/p>\n<p>&nbsp;<\/p>\n<p><strong>biological infrastructure. VEGETATION SYSTEM<\/strong><\/p>\n<p lang=\"en\" align=\"JUSTIFY\"><span style=\"color: #000000;\"><span style=\"font-family: Times New Roman,serif;\"><span style=\"font-size: medium;\">The proposed vegetation system acts on the existing natural land cover, by intensifying it or by activating the existing natural regeneration processes. The Alameda das T\u00edlias and Alameda dos Freixos are among the main features of the park and act as a microclimatic filter between the Park and the road network. Alongside the canopies of the double and triple rows of lime and ash trees a sequence of Gardens is settled, made out of the debris of stone found on the site, that offer a mild place whith a specific microclimate provided by the permanent irrigation, that allows for the presence of a shade friendly vegetation system. <\/span><\/span><\/span><\/p>\n<p><span style=\"color: #000000;\" title=\"A requalifica\u00e7\u00e3o de qualquer vazio urbano, dever\u00e1 ser encarada como uma oportunidade de proporcionar novos discursos sobre os usos da cidade e consequentemente da paisagem.\"><span style=\"font-family: Times New Roman,serif;\"><span style=\"font-size: medium;\">The wide clearings in the center of the park are contained by edges of shrubland or groves of cork-oak, holm-oak and portuguese-oak that guarantee the transition between opening and closure along the path system. The existing Olival and Eucaliptal are kept, as well as the activation of the existing natural regeneration process, upstream of the dam, in the form of an holm-oak and cork-oak forest. At the lower level, next to the lake\/cistern it is proposed the stabilization of an hydrophilic shrubland and an alder wood that offer a space of mild climate for informal use under the canopy.<\/span><\/span><\/span><\/p>\n<p>&nbsp;<\/p>\n<p><span style=\"color: #000000;\" title=\"A requalifica\u00e7\u00e3o de qualquer vazio urbano, dever\u00e1 ser encarada como uma oportunidade de proporcionar novos discursos sobre os usos da cidade e consequentemente da paisagem.\"><strong><span title=\"Infraestrutura cultural .\">cultural infrastructure. <\/span><\/strong><span title=\"PROGRAMA\u00c7\u00c3O CULTURAL E SOCIAL DO PARQUE \"><strong>CULTURAL AND SOCIAL PROGRAM OF THE PARK<\/strong><\/span><\/span><\/p>\n<p><span style=\"color: #000000;\"><span style=\"font-family: Times New Roman,serif;\"><span style=\"font-size: medium;\">The requalification of any urban void should be seen as an opportunity to provide new discourses on the uses of the city and consequently of the landscape. Discourses that have to be anchored to the matrix of the place, both existential and spatial, creating opportunities for being and dwelling. <\/span><\/span><\/span><\/p>\n<p><span style=\"color: #000000;\"><span style=\"font-family: Times New Roman,serif;\"><span style=\"font-size: medium;\">Implementing a rhizomatic program within the framework of this proposal, in which the present Park, due to its scale, its territorial relations and its strategical location, assumes itself as a catalyst and a mediator seems like an evident possibility. <\/span><\/span><\/span><\/p>\n<p><span style=\"color: #000000;\"><span style=\"font-family: Times New Roman,serif;\"><span style=\"font-size: medium;\">The park is composed as a receptacle, but also as propulsion of an Actor-Network relationship, which is transcribed by the process of connection with the city\u2019s existing parks, cultural and heritage facilities and with a more practical use through cultural initiatives promoted by the institutions, companies and local associations. The park does not try to reinvent programs, but to interconnect those that already exist.<\/span><\/span><\/span><\/p>\n<p><span title=\"N\u00e3o se procura reinventar programas, mas sim colocar em rede aqueles que j\u00e1 existem.\"><br \/>\n<\/span><\/p>\n<p>&nbsp;<\/p>\n<p><em>type<\/em> Open Competition<em><br \/>\n<\/em><\/p>\n<p><em>location <\/em>Castelo Branco, Portugal<\/p>\n<p><em>project date<\/em> 2016<\/p>\n<p><em>client<\/em> C\u00e2mara Municipal de Castelo Branco<\/p>\n<p><em>area<\/em> 21,3 ha<\/p>\n<p>&nbsp;<\/p>\n<p><em>autores\/authors<\/em> BALDIOS Arquitectos Paisagistas + EMBAIXADA arquitectura<\/p>\n<p><em>BALDIOS arquitectos paisagistas<\/em> Armando Neves Ferreira, Catarina Raposo, Joana Marques, Pedro Gusm\u00e3o, Samuel Alcobia and Jo\u00e3o Antunes, Damiano Ceriani<\/p>\n<p><em>EMBAIXADA arquitectura <\/em>Albuquerque Goinhas, Cristina Mendon\u00e7a, Nuno Griff<\/p>\n<p><em>consultant<\/em> M\u00e1rio Benjamim<\/p>\n<p><em>estrutura\/structure<\/em> Paulo Cardoso, PRPC<\/p>\n<p><em>rega\/irrigation<\/em> Luis Santos<\/p>\n<p><em>rendering<\/em> Paulo Alcobia<\/p>\n","protected":false},"excerpt":{"rendered":"<p>CONCURSO DO PARQUE URBANO CRUZ DO MONTALVAO\u00a0[3\u00ba PR\u00c9MIO].\u00a0CASTELO BRANCO competition for the cruz do montalvao urban park [3rd prize]\u00a0.\u00a0castelo branco &nbsp; &nbsp; &nbsp; &nbsp; strategy and spaciality. THE PARK AS A CIVIC INFRASTRUCTURE &nbsp; Like the bridges and tunnels, railroads and water systems that comprise our physical infrastructure, a well-designed\u2026 <a class=\"continue-reading-link\" href=\"https:\/\/baldios.pt\/pt\/projectos\/crzmt\/\">Continue reading<\/a><\/p>\n","protected":false},"author":1,"featured_media":0,"parent":67,"menu_order":0,"comment_status":"closed","ping_status":"closed","template":"","meta":[],"_links":{"self":[{"href":"https:\/\/baldios.pt\/pt\/wp-json\/wp\/v2\/pages\/789"}],"collection":[{"href":"https:\/\/baldios.pt\/pt\/wp-json\/wp\/v2\/pages"}],"about":[{"href":"https:\/\/baldios.pt\/pt\/wp-json\/wp\/v2\/types\/page"}],"author":[{"embeddable":true,"href":"https:\/\/baldios.pt\/pt\/wp-json\/wp\/v2\/users\/1"}],"replies":[{"embeddable":true,"href":"https:\/\/baldios.pt\/pt\/wp-json\/wp\/v2\/comments?post=789"}],"version-history":[{"count":30,"href":"https:\/\/baldios.pt\/pt\/wp-json\/wp\/v2\/pages\/789\/revisions"}],"predecessor-version":[{"id":1231,"href":"https:\/\/baldios.pt\/pt\/wp-json\/wp\/v2\/pages\/789\/revisions\/1231"}],"up":[{"embeddable":true,"href":"https:\/\/baldios.pt\/pt\/wp-json\/wp\/v2\/pages\/67"}],"wp:attachment":[{"href":"https:\/\/baldios.pt\/pt\/wp-json\/wp\/v2\/media?parent=789"}],"curies":[{"name":"wp","href":"https:\/\/api.w.org\/{rel}","templated":true}]}}