{"id":64,"date":"2014-02-08T19:47:00","date_gmt":"2014-02-08T19:47:00","guid":{"rendered":"http:\/\/baldios.pt\/pt\/?page_id=64"},"modified":"2014-05-20T16:33:18","modified_gmt":"2014-05-20T16:33:18","slug":"baldios-ap","status":"publish","type":"page","link":"https:\/\/baldios.pt\/pt\/baldios-ap\/","title":{"rendered":"BALDIOS"},"content":{"rendered":"<p style=\"text-align: right;\"><img loading=\"lazy\" class=\"alignnone  wp-image-416\" alt=\"baldios1\" src=\"http:\/\/baldios.pt\/pt\/wp-content\/uploads\/baldios1.jpg\" width=\"1800\" height=\"1527\" srcset=\"https:\/\/baldios.pt\/pt\/wp-content\/uploads\/baldios1.jpg 1800w, https:\/\/baldios.pt\/pt\/wp-content\/uploads\/baldios1-707x600.jpg 707w, https:\/\/baldios.pt\/pt\/wp-content\/uploads\/baldios1-900x763.jpg 900w, https:\/\/baldios.pt\/pt\/wp-content\/uploads\/baldios1-1024x868.jpg 1024w, https:\/\/baldios.pt\/pt\/wp-content\/uploads\/baldios1-176x150.jpg 176w, https:\/\/baldios.pt\/pt\/wp-content\/uploads\/baldios1-150x127.jpg 150w\" sizes=\"(max-width: 1800px) 100vw, 1800px\" \/><span style=\"color: #333333;\">from the AML . <em>Piquenique por ocasi\u00e3o da Romaria do Senhor da Serra, em Belas <\/em>por\u00a0Nunes, Garcia .\u00a0PT\/AMLSB\/NUN\/000015<\/span><\/p>\n<p>&nbsp;<\/p>\n<p>Nos finais do s\u00e9culo XIX foram quase extintos os terrenos Baldios que ocupavam grande parte da superf\u00edcie do Pa\u00eds. Parcelas de terreno em coexist\u00eancia no mosaico produtivo, os terrenos baldios de ocupa\u00e7\u00e3o vari\u00e1vel, serviam de complemento \u00e0 vida no campo, desempenhando um papel-chave na sedimenta\u00e7\u00e3o de uma estrutura social baseada na partilha de recursos.<br \/>\nA partir de 1938, parte substancial dos Baldios foi florestada, transformando de forma significativa o territ\u00f3rio rural portugu\u00eas. O argumento do terreno produtivo e monoespec\u00edfico suplantou o mosaico de ocupa\u00e7\u00e3o m\u00faltipla, e fez desaparecer parte dos territ\u00f3rios baldios, perturbando toda uma economia destes dependente. A ace\u00e7\u00e3o de baldio como terreno inculto, ou na designa\u00e7\u00e3o urban\u00edstica, expectante, sem aparente relev\u00e2ncia econ\u00f3mica ou social, \u00e9 hoje uma heran\u00e7a deste epis\u00f3dio.<br \/>\nEsta refer\u00eancia ilustra a dificuldade de conv\u00edvio com espa\u00e7os que escapam ao controlo dos mecanismos de gest\u00e3o do territ\u00f3rio e \u00e0 incapacidade de valorizar espa\u00e7os aparentemente em abandono.<br \/>\nEspa\u00e7os redundantes, n\u00e3o produtivos, que ocorrem nos intervalos das continuidades urbanas, entre as infraestruturas, nos espa\u00e7os da fal\u00eancia econ\u00f3mica dos processos de especula\u00e7\u00e3o imobili\u00e1ria ou dos fen\u00f3menos de suburbaniza\u00e7\u00e3o e que s\u00e3o em si mesmo o espelho desse crescimento urbano e dos processos econ\u00f3micos que lhe serviram de motor e povoam o imagin\u00e1rio de quem os habita, atrav\u00e9s das suas possibilidades infinitas de apropria\u00e7\u00e3o.<br \/>\nA paisagem como artefato resultante de adi\u00e7\u00f5es e oblitera\u00e7\u00f5es, desde sempre conviveu com espa\u00e7os com fun\u00e7\u00f5es e programas espec\u00edficos, pertencentes \u00e0 racionalidade da cidade contempor\u00e2nea, e outros lugares, em abandono, pertencentes a um passado que a precedeu.<br \/>\nEstes s\u00e3o lugares de pausa, de intervalo, que perderam o seu significado original e que poder\u00e3o ser entendidos, romanticamente, como espa\u00e7os de liberdade, sugerindo possibilidades de apropria\u00e7\u00e3o mais tempor\u00e1rias ou permanentes. Um campo de futebol, uma festa de santos populares, uma feira, o caminho para a escola, uma charca tempor\u00e1ria. A hist\u00f3ria da paisagem e mais genericamente do habitar, \u00e9 o resultado permanente deste processo de destrui\u00e7\u00e3o, constru\u00e7\u00e3o e de reinterpreta\u00e7\u00e3o de novas possibilidades desse mesmo habitar.<\/p>\n<p>&nbsp;<\/p>\n","protected":false},"excerpt":{"rendered":"<p>from the AML . Piquenique por ocasi\u00e3o da Romaria do Senhor da Serra, em Belas por\u00a0Nunes, Garcia .\u00a0PT\/AMLSB\/NUN\/000015 &nbsp; Nos finais do s\u00e9culo XIX foram quase extintos os terrenos Baldios que ocupavam grande parte da superf\u00edcie do Pa\u00eds. Parcelas de terreno em coexist\u00eancia no mosaico produtivo, os terrenos baldios de\u2026 <a class=\"continue-reading-link\" href=\"https:\/\/baldios.pt\/pt\/baldios-ap\/\">Continue reading<\/a><\/p>\n","protected":false},"author":1,"featured_media":0,"parent":0,"menu_order":1,"comment_status":"closed","ping_status":"closed","template":"","meta":[],"_links":{"self":[{"href":"https:\/\/baldios.pt\/pt\/wp-json\/wp\/v2\/pages\/64"}],"collection":[{"href":"https:\/\/baldios.pt\/pt\/wp-json\/wp\/v2\/pages"}],"about":[{"href":"https:\/\/baldios.pt\/pt\/wp-json\/wp\/v2\/types\/page"}],"author":[{"embeddable":true,"href":"https:\/\/baldios.pt\/pt\/wp-json\/wp\/v2\/users\/1"}],"replies":[{"embeddable":true,"href":"https:\/\/baldios.pt\/pt\/wp-json\/wp\/v2\/comments?post=64"}],"version-history":[{"count":20,"href":"https:\/\/baldios.pt\/pt\/wp-json\/wp\/v2\/pages\/64\/revisions"}],"predecessor-version":[{"id":442,"href":"https:\/\/baldios.pt\/pt\/wp-json\/wp\/v2\/pages\/64\/revisions\/442"}],"wp:attachment":[{"href":"https:\/\/baldios.pt\/pt\/wp-json\/wp\/v2\/media?parent=64"}],"curies":[{"name":"wp","href":"https:\/\/api.w.org\/{rel}","templated":true}]}}