{"id":1212,"date":"2018-11-29T17:30:17","date_gmt":"2018-11-29T17:30:17","guid":{"rendered":"http:\/\/baldios.pt\/pt\/?page_id=1212"},"modified":"2019-01-29T10:52:23","modified_gmt":"2019-01-29T10:52:23","slug":"pupe","status":"publish","type":"page","link":"https:\/\/baldios.pt\/pt\/projectos\/pupe\/","title":{"rendered":"PARQUE URBANO DA PRA\u00c7A DE ESPANHA"},"content":{"rendered":"<p><strong>CONCURSO P\u00daBLICO DE CONCE\u00c7\u00c3O PARA A ELABORA\u00c7\u00c3O DO PROJETO DO PARQUE URBANO DA PRA\u00c7A DE ESPANHA [2\u00ba PR\u00c9MIO]. LISBOA<br \/>\n<\/strong><em>public competition for the pra\u00e7a de espanha urban park [2nd prize] . lisboa<\/em><\/p>\n<p>&nbsp;<\/p>\n<p><img loading=\"lazy\" class=\"alignnone wp-image-1189 size-full\" src=\"http:\/\/baldios.pt\/pt\/wp-content\/uploads\/PRACA-DE-ESPANHA_pb.jpg\" alt=\"\" width=\"1800\" height=\"1098\" srcset=\"https:\/\/baldios.pt\/pt\/wp-content\/uploads\/PRACA-DE-ESPANHA_pb.jpg 1800w, https:\/\/baldios.pt\/pt\/wp-content\/uploads\/PRACA-DE-ESPANHA_pb-900x549.jpg 900w, https:\/\/baldios.pt\/pt\/wp-content\/uploads\/PRACA-DE-ESPANHA_pb-768x468.jpg 768w, https:\/\/baldios.pt\/pt\/wp-content\/uploads\/PRACA-DE-ESPANHA_pb-1024x625.jpg 1024w, https:\/\/baldios.pt\/pt\/wp-content\/uploads\/PRACA-DE-ESPANHA_pb-246x150.jpg 246w, https:\/\/baldios.pt\/pt\/wp-content\/uploads\/PRACA-DE-ESPANHA_pb-150x92.jpg 150w\" sizes=\"(max-width: 1800px) 100vw, 1800px\" \/><\/p>\n<p><img loading=\"lazy\" class=\"alignnone wp-image-1213 size-full\" src=\"http:\/\/baldios.pt\/pt\/wp-content\/uploads\/Silva-Pinto.png\" alt=\"\" width=\"1000\" height=\"721\" srcset=\"https:\/\/baldios.pt\/pt\/wp-content\/uploads\/Silva-Pinto.png 1000w, https:\/\/baldios.pt\/pt\/wp-content\/uploads\/Silva-Pinto-832x600.png 832w, https:\/\/baldios.pt\/pt\/wp-content\/uploads\/Silva-Pinto-900x649.png 900w, https:\/\/baldios.pt\/pt\/wp-content\/uploads\/Silva-Pinto-768x554.png 768w, https:\/\/baldios.pt\/pt\/wp-content\/uploads\/Silva-Pinto-208x150.png 208w, https:\/\/baldios.pt\/pt\/wp-content\/uploads\/Silva-Pinto-150x108.png 150w, https:\/\/baldios.pt\/pt\/wp-content\/uploads\/Silva-Pinto-970x700.png 970w\" sizes=\"(max-width: 1000px) 100vw, 1000px\" \/><\/p>\n<p><img loading=\"lazy\" class=\"alignnone wp-image-1192 size-full\" src=\"http:\/\/baldios.pt\/pt\/wp-content\/uploads\/Estrada-de-Benfica.jpg\" alt=\"\" width=\"1600\" height=\"989\" srcset=\"https:\/\/baldios.pt\/pt\/wp-content\/uploads\/Estrada-de-Benfica.jpg 1600w, https:\/\/baldios.pt\/pt\/wp-content\/uploads\/Estrada-de-Benfica-900x556.jpg 900w, https:\/\/baldios.pt\/pt\/wp-content\/uploads\/Estrada-de-Benfica-768x475.jpg 768w, https:\/\/baldios.pt\/pt\/wp-content\/uploads\/Estrada-de-Benfica-1024x633.jpg 1024w, https:\/\/baldios.pt\/pt\/wp-content\/uploads\/Estrada-de-Benfica-243x150.jpg 243w, https:\/\/baldios.pt\/pt\/wp-content\/uploads\/Estrada-de-Benfica-150x93.jpg 150w\" sizes=\"(max-width: 1600px) 100vw, 1600px\" \/><\/p>\n<p><img loading=\"lazy\" class=\"aligncenter wp-image-1205 size-full\" src=\"http:\/\/baldios.pt\/pt\/wp-content\/uploads\/planta_de_bacia-e1543512166756.png\" alt=\"\" width=\"1200\" height=\"747\" srcset=\"https:\/\/baldios.pt\/pt\/wp-content\/uploads\/planta_de_bacia-e1543512166756.png 1200w, https:\/\/baldios.pt\/pt\/wp-content\/uploads\/planta_de_bacia-e1543512166756-900x560.png 900w, https:\/\/baldios.pt\/pt\/wp-content\/uploads\/planta_de_bacia-e1543512166756-768x478.png 768w, https:\/\/baldios.pt\/pt\/wp-content\/uploads\/planta_de_bacia-e1543512166756-1024x637.png 1024w, https:\/\/baldios.pt\/pt\/wp-content\/uploads\/planta_de_bacia-e1543512166756-241x150.png 241w, https:\/\/baldios.pt\/pt\/wp-content\/uploads\/planta_de_bacia-e1543512166756-150x93.png 150w\" sizes=\"(max-width: 1200px) 100vw, 1200px\" \/><\/p>\n<p><img loading=\"lazy\" class=\"alignnone wp-image-1193 size-full\" src=\"http:\/\/baldios.pt\/pt\/wp-content\/uploads\/planta_de_contexto.png\" alt=\"\" width=\"1620\" height=\"1620\" srcset=\"https:\/\/baldios.pt\/pt\/wp-content\/uploads\/planta_de_contexto.png 1620w, https:\/\/baldios.pt\/pt\/wp-content\/uploads\/planta_de_contexto-600x600.png 600w, https:\/\/baldios.pt\/pt\/wp-content\/uploads\/planta_de_contexto-900x900.png 900w, https:\/\/baldios.pt\/pt\/wp-content\/uploads\/planta_de_contexto-768x768.png 768w, https:\/\/baldios.pt\/pt\/wp-content\/uploads\/planta_de_contexto-1024x1024.png 1024w, https:\/\/baldios.pt\/pt\/wp-content\/uploads\/planta_de_contexto-150x150.png 150w\" sizes=\"(max-width: 1620px) 100vw, 1620px\" \/><\/p>\n<p><img loading=\"lazy\" class=\"aligncenter wp-image-1236 size-full\" src=\"http:\/\/baldios.pt\/pt\/wp-content\/uploads\/PUPE-planta.png\" alt=\"\" width=\"1800\" height=\"1800\" srcset=\"https:\/\/baldios.pt\/pt\/wp-content\/uploads\/PUPE-planta.png 1800w, https:\/\/baldios.pt\/pt\/wp-content\/uploads\/PUPE-planta-600x600.png 600w, https:\/\/baldios.pt\/pt\/wp-content\/uploads\/PUPE-planta-900x900.png 900w, https:\/\/baldios.pt\/pt\/wp-content\/uploads\/PUPE-planta-768x768.png 768w, https:\/\/baldios.pt\/pt\/wp-content\/uploads\/PUPE-planta-1024x1024.png 1024w, https:\/\/baldios.pt\/pt\/wp-content\/uploads\/PUPE-planta-150x150.png 150w\" sizes=\"(max-width: 1800px) 100vw, 1800px\" \/><\/p>\n<p><img loading=\"lazy\" class=\"alignnone size-thumbnail wp-image-1240\" src=\"http:\/\/baldios.pt\/pt\/wp-content\/uploads\/CRT-transversal-900x151.png\" alt=\"\" width=\"900\" height=\"151\" srcset=\"https:\/\/baldios.pt\/pt\/wp-content\/uploads\/CRT-transversal-900x151.png 900w, https:\/\/baldios.pt\/pt\/wp-content\/uploads\/CRT-transversal-768x129.png 768w, https:\/\/baldios.pt\/pt\/wp-content\/uploads\/CRT-transversal-1024x172.png 1024w, https:\/\/baldios.pt\/pt\/wp-content\/uploads\/CRT-transversal-250x42.png 250w, https:\/\/baldios.pt\/pt\/wp-content\/uploads\/CRT-transversal-150x25.png 150w, https:\/\/baldios.pt\/pt\/wp-content\/uploads\/CRT-transversal.png 2000w\" sizes=\"(max-width: 900px) 100vw, 900px\" \/><\/p>\n<p><img loading=\"lazy\" class=\"alignnone wp-image-1195 size-full\" src=\"http:\/\/baldios.pt\/pt\/wp-content\/uploads\/01-Praca-palhava.jpg\" alt=\"\" width=\"1500\" height=\"918\" srcset=\"https:\/\/baldios.pt\/pt\/wp-content\/uploads\/01-Praca-palhava.jpg 1500w, https:\/\/baldios.pt\/pt\/wp-content\/uploads\/01-Praca-palhava-900x551.jpg 900w, https:\/\/baldios.pt\/pt\/wp-content\/uploads\/01-Praca-palhava-768x470.jpg 768w, https:\/\/baldios.pt\/pt\/wp-content\/uploads\/01-Praca-palhava-1024x627.jpg 1024w, https:\/\/baldios.pt\/pt\/wp-content\/uploads\/01-Praca-palhava-245x150.jpg 245w, https:\/\/baldios.pt\/pt\/wp-content\/uploads\/01-Praca-palhava-150x92.jpg 150w\" sizes=\"(max-width: 1500px) 100vw, 1500px\" \/><\/p>\n<p><img loading=\"lazy\" class=\"alignnone wp-image-1201 size-full\" src=\"http:\/\/baldios.pt\/pt\/wp-content\/uploads\/02-Praca-columbano.jpg\" alt=\"\" width=\"1800\" height=\"1102\" srcset=\"https:\/\/baldios.pt\/pt\/wp-content\/uploads\/02-Praca-columbano.jpg 1800w, https:\/\/baldios.pt\/pt\/wp-content\/uploads\/02-Praca-columbano-900x551.jpg 900w, https:\/\/baldios.pt\/pt\/wp-content\/uploads\/02-Praca-columbano-768x470.jpg 768w, https:\/\/baldios.pt\/pt\/wp-content\/uploads\/02-Praca-columbano-1024x627.jpg 1024w, https:\/\/baldios.pt\/pt\/wp-content\/uploads\/02-Praca-columbano-245x150.jpg 245w, https:\/\/baldios.pt\/pt\/wp-content\/uploads\/02-Praca-columbano-150x92.jpg 150w\" sizes=\"(max-width: 1800px) 100vw, 1800px\" \/><\/p>\n<p>&nbsp;<\/p>\n<p><img loading=\"lazy\" class=\"alignnone wp-image-1210 size-full\" src=\"http:\/\/baldios.pt\/pt\/wp-content\/uploads\/pracas_VTA.png\" alt=\"\" width=\"1500\" height=\"3298\" srcset=\"https:\/\/baldios.pt\/pt\/wp-content\/uploads\/pracas_VTA.png 1500w, https:\/\/baldios.pt\/pt\/wp-content\/uploads\/pracas_VTA-273x600.png 273w, https:\/\/baldios.pt\/pt\/wp-content\/uploads\/pracas_VTA-409x900.png 409w, https:\/\/baldios.pt\/pt\/wp-content\/uploads\/pracas_VTA-768x1689.png 768w, https:\/\/baldios.pt\/pt\/wp-content\/uploads\/pracas_VTA-466x1024.png 466w, https:\/\/baldios.pt\/pt\/wp-content\/uploads\/pracas_VTA-68x150.png 68w\" sizes=\"(max-width: 1500px) 100vw, 1500px\" \/><\/p>\n<p>&nbsp;<\/p>\n<p><img loading=\"lazy\" class=\"aligncenter wp-image-1208\" src=\"http:\/\/baldios.pt\/pt\/wp-content\/uploads\/topografia-771x600.png\" alt=\"\" width=\"514\" height=\"400\" srcset=\"https:\/\/baldios.pt\/pt\/wp-content\/uploads\/topografia-771x600.png 771w, https:\/\/baldios.pt\/pt\/wp-content\/uploads\/topografia-900x700.png 900w, https:\/\/baldios.pt\/pt\/wp-content\/uploads\/topografia-768x597.png 768w, https:\/\/baldios.pt\/pt\/wp-content\/uploads\/topografia-1024x796.png 1024w, https:\/\/baldios.pt\/pt\/wp-content\/uploads\/topografia-193x150.png 193w, https:\/\/baldios.pt\/pt\/wp-content\/uploads\/topografia-150x117.png 150w, https:\/\/baldios.pt\/pt\/wp-content\/uploads\/topografia.png 1800w\" sizes=\"(max-width: 514px) 100vw, 514px\" \/><\/p>\n<p><img loading=\"lazy\" class=\"alignnone wp-image-1204 size-full\" src=\"http:\/\/baldios.pt\/pt\/wp-content\/uploads\/ESQUEMAS.png\" alt=\"\" width=\"1800\" height=\"718\" srcset=\"https:\/\/baldios.pt\/pt\/wp-content\/uploads\/ESQUEMAS.png 1800w, https:\/\/baldios.pt\/pt\/wp-content\/uploads\/ESQUEMAS-900x359.png 900w, https:\/\/baldios.pt\/pt\/wp-content\/uploads\/ESQUEMAS-768x306.png 768w, https:\/\/baldios.pt\/pt\/wp-content\/uploads\/ESQUEMAS-1024x408.png 1024w, https:\/\/baldios.pt\/pt\/wp-content\/uploads\/ESQUEMAS-250x100.png 250w, https:\/\/baldios.pt\/pt\/wp-content\/uploads\/ESQUEMAS-150x60.png 150w\" sizes=\"(max-width: 1800px) 100vw, 1800px\" \/><\/p>\n<p><img loading=\"lazy\" class=\"alignnone wp-image-1207 size-full\" src=\"http:\/\/baldios.pt\/pt\/wp-content\/uploads\/sistema-vegetacao.png\" alt=\"\" width=\"1500\" height=\"1100\" srcset=\"https:\/\/baldios.pt\/pt\/wp-content\/uploads\/sistema-vegetacao.png 1500w, https:\/\/baldios.pt\/pt\/wp-content\/uploads\/sistema-vegetacao-818x600.png 818w, https:\/\/baldios.pt\/pt\/wp-content\/uploads\/sistema-vegetacao-900x660.png 900w, https:\/\/baldios.pt\/pt\/wp-content\/uploads\/sistema-vegetacao-768x563.png 768w, https:\/\/baldios.pt\/pt\/wp-content\/uploads\/sistema-vegetacao-1024x751.png 1024w, https:\/\/baldios.pt\/pt\/wp-content\/uploads\/sistema-vegetacao-205x150.png 205w, https:\/\/baldios.pt\/pt\/wp-content\/uploads\/sistema-vegetacao-150x110.png 150w\" sizes=\"(max-width: 1500px) 100vw, 1500px\" \/><\/p>\n<p><img loading=\"lazy\" class=\"aligncenter wp-image-1252 size-full\" src=\"http:\/\/baldios.pt\/pt\/wp-content\/uploads\/03-Alameda_V2.jpg\" alt=\"\" width=\"1500\" height=\"730\" srcset=\"https:\/\/baldios.pt\/pt\/wp-content\/uploads\/03-Alameda_V2.jpg 1500w, https:\/\/baldios.pt\/pt\/wp-content\/uploads\/03-Alameda_V2-900x438.jpg 900w, https:\/\/baldios.pt\/pt\/wp-content\/uploads\/03-Alameda_V2-768x374.jpg 768w, https:\/\/baldios.pt\/pt\/wp-content\/uploads\/03-Alameda_V2-1024x498.jpg 1024w, https:\/\/baldios.pt\/pt\/wp-content\/uploads\/03-Alameda_V2-250x122.jpg 250w, https:\/\/baldios.pt\/pt\/wp-content\/uploads\/03-Alameda_V2-150x73.jpg 150w\" sizes=\"(max-width: 1500px) 100vw, 1500px\" \/><\/p>\n<p><img loading=\"lazy\" class=\"wp-image-1196 size-full aligncenter\" src=\"http:\/\/baldios.pt\/pt\/wp-content\/uploads\/05-ribeira.jpg\" alt=\"\" width=\"1500\" height=\"918\" srcset=\"https:\/\/baldios.pt\/pt\/wp-content\/uploads\/05-ribeira.jpg 1500w, https:\/\/baldios.pt\/pt\/wp-content\/uploads\/05-ribeira-900x551.jpg 900w, https:\/\/baldios.pt\/pt\/wp-content\/uploads\/05-ribeira-768x470.jpg 768w, https:\/\/baldios.pt\/pt\/wp-content\/uploads\/05-ribeira-1024x627.jpg 1024w, https:\/\/baldios.pt\/pt\/wp-content\/uploads\/05-ribeira-245x150.jpg 245w, https:\/\/baldios.pt\/pt\/wp-content\/uploads\/05-ribeira-150x92.jpg 150w\" sizes=\"(max-width: 1500px) 100vw, 1500px\" \/><\/p>\n<p><img loading=\"lazy\" class=\"aligncenter wp-image-1251 size-full\" src=\"http:\/\/baldios.pt\/pt\/wp-content\/uploads\/04-Clareira_V2.jpg\" alt=\"\" width=\"1500\" height=\"803\" srcset=\"https:\/\/baldios.pt\/pt\/wp-content\/uploads\/04-Clareira_V2.jpg 1500w, https:\/\/baldios.pt\/pt\/wp-content\/uploads\/04-Clareira_V2-900x482.jpg 900w, https:\/\/baldios.pt\/pt\/wp-content\/uploads\/04-Clareira_V2-768x411.jpg 768w, https:\/\/baldios.pt\/pt\/wp-content\/uploads\/04-Clareira_V2-1024x548.jpg 1024w, https:\/\/baldios.pt\/pt\/wp-content\/uploads\/04-Clareira_V2-250x134.jpg 250w, https:\/\/baldios.pt\/pt\/wp-content\/uploads\/04-Clareira_V2-150x80.jpg 150w\" sizes=\"(max-width: 1500px) 100vw, 1500px\" \/><\/p>\n<p>&nbsp;<\/p>\n<p><strong>A \u00c1GUA COMO REINVEN\u00c7\u00c3O DA PAISAGEM URBANA<\/strong><br \/>\nA gest\u00e3o da \u00c1gua, associada \u00e0 condi\u00e7\u00e3o topogr\u00e1fica Lisboa, foi determinante para a evolu\u00e7\u00e3o da Paisagem da Cidade, estando na base da sua identidade cultural e arquitet\u00f3nica.<br \/>\nEste processo foi modelando a estrutura urbana da Cidade, como resultado das\u00a0 necessidades vitais de escoamento, armazenamento e abastecimento de \u00e1gua.<br \/>\nCom o crescimento da Cidade esta rela\u00e7\u00e3o de grande proximidade e vitalidade com a \u00c1gua, alterou-se radicalmente, sobretudo fruto do processo de expans\u00e3o para os sub\u00farbios que distanciou, por imposi\u00e7\u00e3o pragm\u00e1tica, as l\u00f3gicas de constru\u00e7\u00e3o de Cidade da sua matriz topol\u00f3gica.<br \/>\nA Pra\u00e7a de Espanha tal como a conhecemos \u00e9 o resultado deste processo: um espa\u00e7o de conflito entre infraestrutura, l\u00f3gica urbana e condi\u00e7\u00e3o hidrol\u00f3gica.<br \/>\nO parque constitui uma oportunidade para resgatar rela\u00e7\u00f5es suspensas neste territ\u00f3rio, a\u00a0 partir de uma perspetiva cultural onde os processos ecol\u00f3gicos e as suas din\u00e2micas de variabilidade participam das novas l\u00f3gicas urbanas, garantindo assim a inser\u00e7\u00e3o deste espa\u00e7o no seu verdadeiro e mais amplo contexto.<\/p>\n<p><strong>O VALE COMO TOPOLOGIA DO PARQUE<\/strong><br \/>\nA proposta parte da reinven\u00e7\u00e3o do vale da ribeira que intecepta o espa\u00e7o, ficcionando uma realidade preexistente adaptada \u00e0s necessidades da cidade de Lisboa de hoje.<br \/>\nA topografia constitui o instrumento fundamental da narrativa do parque, dramatizando as concavidades alag\u00e1veis do parque, poss\u00edveis ainda de configurar nos espa\u00e7os intersticiais entre a rede vi\u00e1ria perimetral e o dorso do t\u00fanel do metropolitano.<\/p>\n<p><strong>CONEX\u00c3O URBANA<\/strong><br \/>\n<em>O parque como elemento de interliga\u00e7\u00e3o<\/em><br \/>\nA proposta assenta na defini\u00e7\u00e3o de Pra\u00e7as e percursos que definem uma aproxima\u00e7\u00e3o gradual \u00e0(s) ambi\u00eancia(s) do Parque, estabelecendo assim a transi\u00e7\u00e3o entre o contexto urbano e o parque.<br \/>\nAs Pra\u00e7as de Palhav\u00e3 e Columbano propostas constituem as entradas principais no\u00a0 parque, mimetizando o atravessamento perdido que conectava o centro aos territ\u00f3rios lim\u00edtrofes da Cidade. A partir das entradas principais no Parque, de sentido vincadamente urbano, um coreografia de percursos adaptados \u00e0 topografia, oferecem atravessamentos lentos e sinuosos, descobrindo os lugares e ecologias do Parque.<\/p>\n<p><strong>LIMITE &#8211; TOPOGR\u00c1FICO E VEGETAL<\/strong><br \/>\n<em> Um espa\u00e7o interiorizado, mas visualmente aberto \u00e0 envolvente<\/em><br \/>\nUma \u00f3bvia implica\u00e7\u00e3o na configura\u00e7\u00e3o do Parque \u00e9 o contexto urbano onde este se insere:<br \/>\numa fronteira infraestrutural de intensa circula\u00e7\u00e3o rodovi\u00e1ria e de distribui\u00e7\u00e3o metropolitana que limita a rela\u00e7\u00e3o entre o parque e a sua envolvente e afeta a qualidade do seu espa\u00e7o interior.<br \/>\nNeste sentido O LIMITE \u00e9 (re)constru\u00eddo e intensificado topograficamente e sublinhado pela distribui\u00e7\u00e3o da vegeta\u00e7ao: uma orla de densidade vari\u00e1vel, que afirma os limites do parque, sombreando os seus percursos e intensificando a descoberta das clareiras centrais.<\/p>\n<p><strong>O PARQUE COMO INFRAESTRUTURA DE \u00c1GUA<\/strong><br \/>\n<em> O parque como infraestrutura biol\u00f3gica e Infraestrutura artificial<\/em><br \/>\nA pra\u00e7a de Espanha posiciona-se no cruzamento entre a hemibacia do planalto de Lisboa, correspondente \u00e0s Avenidas Novas, e o vale encaixado de Alc\u00e2ntara. Esta condi\u00e7\u00e3o topogr\u00e1fica p\u00f5e um enfoque claro no potencial de interven\u00e7\u00e3o do parque como\u00a0 infraestrutura de drenagem.<br \/>\nA proposta responde a esta quest\u00e3o atrav\u00e9s de duas estrat\u00e9gias complementares: criando uma infraestrutura biol\u00f3gica de bacias de reten\u00e7\u00e3o \u00e0 superf\u00edcie e, por outro, uma\u00a0 infraestrutura subterr\u00e2nea capaz de absorver a acumula\u00e7\u00e3o em per\u00edodos de precipita\u00e7\u00e3o repentina.<br \/>\nO parque constitui um lugar resiliente, capaz de absorver as din\u00e2micas naturais da \u00e1gua em contexto urbano, traduzindo-as em espa\u00e7os de regula\u00e7\u00e3o hidrol\u00f3gica, intelig\u00eancia biol\u00f3gica, apropria\u00e7\u00e3o l\u00fadica e, em ultima an\u00e1lise, de conhecimento dos processos ecol\u00f3gicos.<\/p>\n<p><strong>OS LUGARES DO PARQUE<\/strong><br \/>\n<em>Espa\u00e7os e equipamentos<\/em><br \/>\nO parque tem com a cidade uma rela\u00e7\u00e3o dupla:<br \/>\nSe por um lado se pretende que funcione como elemento de continuidade interligando \u00e1reas desconexas, procurando-se nesse sentido um espa\u00e7o claramente aberto e fluido;<br \/>\nPor outro, a aglomera\u00e7\u00e3o de tr\u00e2nsito na sua envolvente pr\u00f3xima motiva a cria\u00e7\u00e3o de um espa\u00e7o encerrado, com limites definidos, por forma a garantir um ambiente interiorizado e tranquilo.<br \/>\nEsta rela\u00e7\u00e3o de abertura e encerramento, de acessibilidade e reserva, \u00e9 definida pela altern\u00e2ncia de opera\u00e7\u00f5es que ora acentuam os limites do parque &#8211; ao longo das avenidas Calouste Gulbenkian e dos Combatentes -, ora assumem aberturas \u00e0 cidade \u2013 como no\u00a0 caso das pra\u00e7as Palhav\u00e3 e Columbano, desenhadas a partir das malhas urbanas adjacentes; a Pra\u00e7a do Teatro da Comuna, a liga\u00e7\u00e3o a\u00e9rea a ligar ao Teatro Aberto; a entrada voltado ao Bairro do R\u00eago; a alameda arborizada que prop\u00f5e uma rela\u00e7\u00e3o mais flu\u00edda com a \u00e1rea do IPO e do novo edif\u00edcio previsto na U.E..<br \/>\nEstes s\u00e3o tamb\u00e9m lugares que marcam pontos espec\u00edficos da utiliza\u00e7\u00e3o do parque, ligados pelo percurso interior perif\u00e9rico, e onde se organizam pequenos espa\u00e7os de restaura\u00e7\u00e3o e com\u00e9rcio, mercados de rua, representa\u00e7\u00f5es teatrais, zonas de repouso e leitura.<\/p>\n<p>&nbsp;<\/p>\n<p><em>type<\/em> Open Competition<em><br \/>\n<\/em><\/p>\n<p><em>location <\/em>Lisboa, Portugal<\/p>\n<p><em>project date<\/em> 2017 (1st Stage), 2018 (2nd Stage)<\/p>\n<p><em>client<\/em> C\u00e2mara Municipal de Lisboa<\/p>\n<p><em>area<\/em> 4,24 ha<\/p>\n<p>&nbsp;<\/p>\n<p><em>autores\/authors<\/em> BALDIOS Arquitectos Paisagistas + Ventura Trindade Arquitectos<\/p>\n<p><em>BALDIOS arquitectos paisagistas<\/em> Armando Neves Ferreira, Catarina Raposo, Joana Marques, Pedro Gusm\u00e3o, Samuel Alcobia and Jenifer Rodrigues<\/p>\n<p><em>Ventura Trindade Arquitectos <\/em>Jo\u00e3o Maria Trindade and Francisco Pestana da Silva, Gabriele Catazano, Silvia Toninello<\/p>\n<p><em>rendering<\/em> Andrei Brinza<\/p>\n","protected":false},"excerpt":{"rendered":"<p>CONCURSO P\u00daBLICO DE CONCE\u00c7\u00c3O PARA A ELABORA\u00c7\u00c3O DO PROJETO DO PARQUE URBANO DA PRA\u00c7A DE ESPANHA [2\u00ba PR\u00c9MIO]. LISBOA public competition for the pra\u00e7a de espanha urban park [2nd prize] . lisboa &nbsp; &nbsp; &nbsp; &nbsp; A \u00c1GUA COMO REINVEN\u00c7\u00c3O DA PAISAGEM URBANA A gest\u00e3o da \u00c1gua, associada \u00e0 condi\u00e7\u00e3o\u2026 <a class=\"continue-reading-link\" href=\"https:\/\/baldios.pt\/pt\/projectos\/pupe\/\">Continue reading<\/a><\/p>\n","protected":false},"author":1,"featured_media":0,"parent":67,"menu_order":0,"comment_status":"closed","ping_status":"closed","template":"","meta":[],"_links":{"self":[{"href":"https:\/\/baldios.pt\/pt\/wp-json\/wp\/v2\/pages\/1212"}],"collection":[{"href":"https:\/\/baldios.pt\/pt\/wp-json\/wp\/v2\/pages"}],"about":[{"href":"https:\/\/baldios.pt\/pt\/wp-json\/wp\/v2\/types\/page"}],"author":[{"embeddable":true,"href":"https:\/\/baldios.pt\/pt\/wp-json\/wp\/v2\/users\/1"}],"replies":[{"embeddable":true,"href":"https:\/\/baldios.pt\/pt\/wp-json\/wp\/v2\/comments?post=1212"}],"version-history":[{"count":22,"href":"https:\/\/baldios.pt\/pt\/wp-json\/wp\/v2\/pages\/1212\/revisions"}],"predecessor-version":[{"id":1255,"href":"https:\/\/baldios.pt\/pt\/wp-json\/wp\/v2\/pages\/1212\/revisions\/1255"}],"up":[{"embeddable":true,"href":"https:\/\/baldios.pt\/pt\/wp-json\/wp\/v2\/pages\/67"}],"wp:attachment":[{"href":"https:\/\/baldios.pt\/pt\/wp-json\/wp\/v2\/media?parent=1212"}],"curies":[{"name":"wp","href":"https:\/\/api.w.org\/{rel}","templated":true}]}}